{"id":11006,"date":"2020-02-03T16:24:12","date_gmt":"2020-02-03T16:24:12","guid":{"rendered":"https:\/\/anmp.pt\/?page_id=11006"},"modified":"2020-05-04T15:19:51","modified_gmt":"2020-05-04T14:19:51","slug":"externas","status":"publish","type":"page","link":"https:\/\/anmp.pt\/es\/municipios-inteligentes\/entidades\/externas\/","title":{"rendered":"(Portugu\u00eas) Externas"},"content":{"rendered":"<p class=\"qtranxs-available-languages-message qtranxs-available-languages-message-es\">Disculpa, pero esta entrada est\u00e1 disponible s\u00f3lo en <a href=\"https:\/\/anmp.pt\/pt\/wp-json\/wp\/v2\/pages\/11006\" class=\"qtranxs-available-language-link qtranxs-available-language-link-pt\" title=\"Portugu\u00eas\">Portugu\u00eas<\/a>.<\/p><p>Na defini\u00e7\u00e3o dos modelos anal\u00edticos e a elabora\u00e7\u00e3o do prot\u00f3tipo da PGI foi solicitada a colabora\u00e7\u00e3o de um conjunto de entidades que det\u00eam informa\u00e7\u00e3o relevante para demonstrar as potencialidades de implementa\u00e7\u00e3o de PGI. Estas entidades mostraram bastante interesse na partilha de dados, j\u00e1 que a troca de informa\u00e7\u00e3o permitir\u00e1 responder a problemas concretos tanto dos munic\u00edpios como das pr\u00f3prias entidades.<\/p>\n<p>Nesse sentido, disponibilizaram amostras de dados relativos aos munic\u00edpios envolvidos no projeto-piloto com o intuito de resolver tr\u00eas casos de uso, nomeadamente:<\/p>\n<ol>\n<li>Medi\u00e7\u00e3o e previs\u00e3o dos caudais consumidos em baixa (munic\u00edpio) com o intuito de disponibilizar a \u00e1gua em alta (AdP) de acordo com as necessidades do munic\u00edpio, permitindo uma otimiza\u00e7\u00e3o da energia consumida (EDP) na bombagem de \u00e1gua tanto no fornecedor de \u00e1gua em alta (AdP) como no fornecedor de \u00e1gua em baixa (munic\u00edpio), podendo auxiliar numa estimativa das perdas que ocorrem durante o percurso da \u00e1gua;<\/li>\n<li>Medi\u00e7\u00e3o e previs\u00e3o do fluxo rodovi\u00e1rio e ocorr\u00eancias na rede vi\u00e1ria externa ao munic\u00edpio (IP) e rede vi\u00e1ria do munic\u00edpio. (A an\u00e1lise ao longo do tempo do fluxo permitiria verificar a exist\u00eancia de picos em determinados per\u00edodos temporais como por exemplo realiza\u00e7\u00e3o de eventos de grande dimens\u00e3o ou turismo sazonal e a an\u00e1lise de ocorr\u00eancias antecipar um potencial aumento do n\u00famero de incidentes em determinadas localiza\u00e7\u00f5es);<\/li>\n<li>An\u00e1lise e previs\u00e3o dos padr\u00f5es de mobilidade atrav\u00e9s da rede m\u00f3vel (Altice) e sobrecarga na rede el\u00e9trica (EDP), aquando da realiza\u00e7\u00e3o de eventos no munic\u00edpio, com o intuito de otimizar os servi\u00e7os camar\u00e1rios (e.g. servi\u00e7os de limpeza, ilumina\u00e7\u00e3o p\u00fablica), for\u00e7as de seguran\u00e7a, refor\u00e7o da energia a introduzir na rede e dos servi\u00e7os de piquete da EDP.<\/li>\n<\/ol>\n<p>Pretendeu-se, desta forma, demonstrar o potencial que uma PGI poder\u00e1 ter na otimiza\u00e7\u00e3o e melhoria dos servi\u00e7os aut\u00e1rquicos, permitindo, por um lado, a liga\u00e7\u00e3o dos dados dos munic\u00edpios a entidades externas de uma forma eficaz atrav\u00e9s dos standards de interoperabilidade (AMA) e, por outro, um acesso transversal \u00e0 informa\u00e7\u00e3o eliminado os silos de informa\u00e7\u00e3o, caracter\u00edstica essencial para que se possam desenvolver casos de uso que respondam a necessidades dos munic\u00edpios, utilizando a anal\u00edtica de dados.<\/p>\n<p>As entidades que colaboram com o projeto s\u00e3o:<\/p>\n<p><a href=\"https:\/\/www.ama.gov.pt\/\" target=\"_blank\" rel=\"noopener\">:: AMA &#8211; Ag\u00eancia para a Moderniza\u00e7\u00e3o Administrativa<\/a><\/p>\n<p><img loading=\"lazy\" decoding=\"async\" class=\"alignnone wp-image-20167 size-medium\" src=\"https:\/\/anmp.pt\/wp-content\/uploads\/2020\/04\/AMA300-300x70.png\" alt=\"AMA - Ag\u00eancia para a Moderniza\u00e7\u00e3o Administrativa\" width=\"300\" height=\"70\" srcset=\"https:\/\/anmp.pt\/wp-content\/uploads\/2020\/04\/AMA300-300x70.png 300w, https:\/\/anmp.pt\/wp-content\/uploads\/2020\/04\/AMA300.png 400w\" sizes=\"auto, (max-width: 300px) 100vw, 300px\" \/><\/p>\n<p><a href=\"https:\/\/www.adp.pt\/pt\/\" target=\"_blank\" rel=\"noopener\">:: \u00c1guas de Portugal<\/a><\/p>\n<p><img loading=\"lazy\" decoding=\"async\" class=\"alignnone wp-image-20164 size-full\" src=\"https:\/\/anmp.pt\/wp-content\/uploads\/2020\/04\/adp300.jpg\" alt=\"\u00c1guas de Portugal\" width=\"300\" height=\"97\" \/><\/p>\n<p><a href=\"http:\/\/www.airc.pt\/\" target=\"_blank\" rel=\"noopener\">:: airc<\/a><\/p>\n<p><img loading=\"lazy\" decoding=\"async\" class=\"alignnone wp-image-20165 size-full\" src=\"https:\/\/anmp.pt\/wp-content\/uploads\/2020\/04\/AIRC_300.png\" alt=\"AIRC\" width=\"300\" height=\"117\" \/><\/p>\n<p><a href=\"https:\/\/www.telecom.pt\/pt-pt\" target=\"_blank\" rel=\"noopener\">:: Altice<\/a><\/p>\n<p><img loading=\"lazy\" decoding=\"async\" class=\"alignnone wp-image-20166 size-full\" src=\"https:\/\/anmp.pt\/wp-content\/uploads\/2020\/04\/altice_300.jpg\" alt=\"Altice\" width=\"300\" height=\"137\" srcset=\"https:\/\/anmp.pt\/wp-content\/uploads\/2020\/04\/altice_300.jpg 300w, https:\/\/anmp.pt\/wp-content\/uploads\/2020\/04\/altice_300-220x100.jpg 220w\" sizes=\"auto, (max-width: 300px) 100vw, 300px\" \/><\/p>\n<p><a href=\"https:\/\/www.edpdistribuicao.pt\/pt-pt\" target=\"_blank\" rel=\"noopener\">:: EDP Distribui\u00e7\u00e3o<\/a><\/p>\n<p><img loading=\"lazy\" decoding=\"async\" class=\"alignnone wp-image-20168 size-full\" src=\"https:\/\/anmp.pt\/wp-content\/uploads\/2020\/04\/EDP300.png\" alt=\"EDP Distribui\u00e7\u00e3o\" width=\"300\" height=\"128\" \/><\/p>\n<p><a href=\"https:\/\/www.epal.pt\" target=\"_blank\" rel=\"noopener\">:: EPAL &#8211; Empresa Portuguesa das \u00c1guas Livres<\/a><\/p>\n<p><img loading=\"lazy\" decoding=\"async\" class=\"alignnone wp-image-20169 size-full\" src=\"https:\/\/anmp.pt\/wp-content\/uploads\/2020\/04\/EPAL.png\" alt=\"EPAL - Grupo \u00c1guas de Portugal\" width=\"300\" height=\"100\" \/><\/p>\n<p><a href=\"https:\/\/www.infraestruturasdeportugal.pt\/\" target=\"_blank\" rel=\"noopener\">:: Infraestruturas de Portugal<\/a><\/p>\n<p><img loading=\"lazy\" decoding=\"async\" class=\"alignnone wp-image-20171 size-full\" src=\"https:\/\/anmp.pt\/wp-content\/uploads\/2020\/04\/IP300.jpg\" alt=\"Infraestruturas de Portugal\" width=\"300\" height=\"125\" \/><\/p>\n<p>&nbsp;<\/p>","protected":false},"excerpt":{"rendered":"<p>Disculpa, pero esta entrada est\u00e1 disponible s\u00f3lo en Portugu\u00eas.Na defini\u00e7\u00e3o dos modelos anal\u00edticos e a elabora\u00e7\u00e3o do prot\u00f3tipo da PGI foi solicitada a colabora\u00e7\u00e3o de um conjunto de entidades que det\u00eam informa\u00e7\u00e3o relevante para demonstrar as potencialidades de implementa\u00e7\u00e3o de PGI. Estas entidades mostraram bastante interesse na partilha de dados, j\u00e1 que a troca de [&hellip;]<\/p>\n","protected":false},"author":1,"featured_media":0,"parent":10976,"menu_order":77,"comment_status":"closed","ping_status":"closed","template":"templates-map\/component-inteligent-mun-layout2.php","meta":{"_acf_changed":false,"_exactmetrics_skip_tracking":false,"_exactmetrics_sitenote_active":false,"_exactmetrics_sitenote_note":"","_exactmetrics_sitenote_category":0,"footnotes":""},"class_list":["post-11006","page","type-page","status-publish","hentry"],"acf":[],"yoast_head":"<!-- This site is optimized with the Yoast SEO plugin v23.9 - https:\/\/yoast.com\/wordpress\/plugins\/seo\/ -->\n<title><\/title>\n<meta name=\"robots\" content=\"index, follow, max-snippet:-1, max-image-preview:large, max-video-preview:-1\" \/>\n<link rel=\"canonical\" href=\"https:\/\/anmp.pt\/municipios-inteligentes\/entidades\/externas\/\" \/>\n<meta property=\"og:locale\" content=\"es_ES\" \/>\n<meta property=\"og:type\" content=\"article\" \/>\n<meta property=\"og:title\" content=\"[:pt]Externas[:] - Portal Institucional\" \/>\n<meta property=\"og:description\" content=\"Disculpa, pero esta entrada est\u00e1 disponible s\u00f3lo en Portugu\u00eas.Na defini\u00e7\u00e3o dos modelos anal\u00edticos e a elabora\u00e7\u00e3o do prot\u00f3tipo da PGI foi solicitada a colabora\u00e7\u00e3o de um conjunto de entidades que det\u00eam informa\u00e7\u00e3o relevante para demonstrar as potencialidades de implementa\u00e7\u00e3o de PGI. Estas entidades mostraram bastante interesse na partilha de dados, j\u00e1 que a troca de [&hellip;]\" \/>\n<meta property=\"og:url\" content=\"https:\/\/anmp.pt\/municipios-inteligentes\/entidades\/externas\/\" \/>\n<meta property=\"og:site_name\" content=\"Portal Institucional\" \/>\n<meta property=\"article:publisher\" content=\"https:\/\/www.facebook.com\/ANMP.PT\" \/>\n<meta property=\"article:modified_time\" content=\"2020-05-04T14:19:51+00:00\" \/>\n<meta property=\"og:image\" content=\"https:\/\/anmp.pt\/wp-content\/uploads\/2020\/04\/AMA300.png\" \/>\n\t<meta property=\"og:image:width\" content=\"400\" \/>\n\t<meta property=\"og:image:height\" content=\"93\" \/>\n\t<meta property=\"og:image:type\" content=\"image\/png\" \/>\n<meta name=\"twitter:card\" content=\"summary_large_image\" \/>\n<script type=\"application\/ld+json\" class=\"yoast-schema-graph\">{\"@context\":\"https:\/\/schema.org\",\"@graph\":[{\"@type\":\"WebPage\",\"@id\":\"https:\/\/anmp.pt\/municipios-inteligentes\/entidades\/externas\/\",\"url\":\"https:\/\/anmp.pt\/municipios-inteligentes\/entidades\/externas\/\",\"name\":\"[:pt]Externas[:] - Portal Institucional\",\"isPartOf\":{\"@id\":\"https:\/\/anmp.pt\/#website\"},\"primaryImageOfPage\":{\"@id\":\"https:\/\/anmp.pt\/municipios-inteligentes\/entidades\/externas\/#primaryimage\"},\"image\":{\"@id\":\"https:\/\/anmp.pt\/municipios-inteligentes\/entidades\/externas\/#primaryimage\"},\"thumbnailUrl\":\"https:\/\/anmp.pt\/wp-content\/uploads\/2020\/04\/AMA300-300x70.png\",\"datePublished\":\"2020-02-03T16:24:12+00:00\",\"dateModified\":\"2020-05-04T14:19:51+00:00\",\"breadcrumb\":{\"@id\":\"https:\/\/anmp.pt\/municipios-inteligentes\/entidades\/externas\/#breadcrumb\"},\"inLanguage\":\"es\",\"potentialAction\":[{\"@type\":\"ReadAction\",\"target\":[\"https:\/\/anmp.pt\/municipios-inteligentes\/entidades\/externas\/\"]}]},{\"@type\":\"ImageObject\",\"inLanguage\":\"es\",\"@id\":\"https:\/\/anmp.pt\/municipios-inteligentes\/entidades\/externas\/#primaryimage\",\"url\":\"https:\/\/anmp.pt\/wp-content\/uploads\/2020\/04\/AMA300-300x70.png\",\"contentUrl\":\"https:\/\/anmp.pt\/wp-content\/uploads\/2020\/04\/AMA300-300x70.png\"},{\"@type\":\"BreadcrumbList\",\"@id\":\"https:\/\/anmp.pt\/municipios-inteligentes\/entidades\/externas\/#breadcrumb\",\"itemListElement\":[{\"@type\":\"ListItem\",\"position\":1,\"name\":\"In\u00edcio\",\"item\":\"https:\/\/anmp.pt\/\"},{\"@type\":\"ListItem\",\"position\":2,\"name\":\"Munic\u00edpios + inteligentes\",\"item\":\"https:\/\/anmp.pt\/municipios-inteligentes\/\"},{\"@type\":\"ListItem\",\"position\":3,\"name\":\"Entidades\",\"item\":\"https:\/\/anmp.pt\/municipios-inteligentes\/entidades\/\"},{\"@type\":\"ListItem\",\"position\":4,\"name\":\"Externas\"}]},{\"@type\":\"WebSite\",\"@id\":\"https:\/\/anmp.pt\/#website\",\"url\":\"https:\/\/anmp.pt\/\",\"name\":\"Associa\u00e7\u00e3o Nacional de Munic\u00edpios Portugueses\",\"description\":\"Portal Institucional\",\"publisher\":{\"@id\":\"https:\/\/anmp.pt\/#organization\"},\"potentialAction\":[{\"@type\":\"SearchAction\",\"target\":{\"@type\":\"EntryPoint\",\"urlTemplate\":\"https:\/\/anmp.pt\/?s={search_term_string}\"},\"query-input\":{\"@type\":\"PropertyValueSpecification\",\"valueRequired\":true,\"valueName\":\"search_term_string\"}}],\"inLanguage\":\"es\"},{\"@type\":\"Organization\",\"@id\":\"https:\/\/anmp.pt\/#organization\",\"name\":\"Associa\u00e7\u00e3o Nacional de Munic\u00edpios Portugueses\",\"url\":\"https:\/\/anmp.pt\/\",\"logo\":{\"@type\":\"ImageObject\",\"inLanguage\":\"es\",\"@id\":\"https:\/\/anmp.pt\/#\/schema\/logo\/image\/\",\"url\":\"https:\/\/anmp.pt\/wp-content\/uploads\/2020\/06\/logo980400.png\",\"contentUrl\":\"https:\/\/anmp.pt\/wp-content\/uploads\/2020\/06\/logo980400.png\",\"width\":980,\"height\":400,\"caption\":\"Associa\u00e7\u00e3o Nacional de Munic\u00edpios Portugueses\"},\"image\":{\"@id\":\"https:\/\/anmp.pt\/#\/schema\/logo\/image\/\"},\"sameAs\":[\"https:\/\/www.facebook.com\/ANMP.PT\"]}]}<\/script>\n<!-- \/ Yoast SEO plugin. -->","yoast_head_json":{"title":"[:pt]Externas[:] - Portal Institucional","robots":{"index":"index","follow":"follow","max-snippet":"max-snippet:-1","max-image-preview":"max-image-preview:large","max-video-preview":"max-video-preview:-1"},"canonical":"https:\/\/anmp.pt\/municipios-inteligentes\/entidades\/externas\/","og_locale":"es_ES","og_type":"article","og_title":"[:pt]Externas[:] - Portal Institucional","og_description":"Disculpa, pero esta entrada est\u00e1 disponible s\u00f3lo en Portugu\u00eas.Na defini\u00e7\u00e3o dos modelos anal\u00edticos e a elabora\u00e7\u00e3o do prot\u00f3tipo da PGI foi solicitada a colabora\u00e7\u00e3o de um conjunto de entidades que det\u00eam informa\u00e7\u00e3o relevante para demonstrar as potencialidades de implementa\u00e7\u00e3o de PGI. Estas entidades mostraram bastante interesse na partilha de dados, j\u00e1 que a troca de [&hellip;]","og_url":"https:\/\/anmp.pt\/municipios-inteligentes\/entidades\/externas\/","og_site_name":"Portal Institucional","article_publisher":"https:\/\/www.facebook.com\/ANMP.PT","article_modified_time":"2020-05-04T14:19:51+00:00","og_image":[{"width":400,"height":93,"url":"https:\/\/anmp.pt\/wp-content\/uploads\/2020\/04\/AMA300.png","type":"image\/png"}],"twitter_card":"summary_large_image","schema":{"@context":"https:\/\/schema.org","@graph":[{"@type":"WebPage","@id":"https:\/\/anmp.pt\/municipios-inteligentes\/entidades\/externas\/","url":"https:\/\/anmp.pt\/municipios-inteligentes\/entidades\/externas\/","name":"[:pt]Externas[:] - Portal Institucional","isPartOf":{"@id":"https:\/\/anmp.pt\/#website"},"primaryImageOfPage":{"@id":"https:\/\/anmp.pt\/municipios-inteligentes\/entidades\/externas\/#primaryimage"},"image":{"@id":"https:\/\/anmp.pt\/municipios-inteligentes\/entidades\/externas\/#primaryimage"},"thumbnailUrl":"https:\/\/anmp.pt\/wp-content\/uploads\/2020\/04\/AMA300-300x70.png","datePublished":"2020-02-03T16:24:12+00:00","dateModified":"2020-05-04T14:19:51+00:00","breadcrumb":{"@id":"https:\/\/anmp.pt\/municipios-inteligentes\/entidades\/externas\/#breadcrumb"},"inLanguage":"es","potentialAction":[{"@type":"ReadAction","target":["https:\/\/anmp.pt\/municipios-inteligentes\/entidades\/externas\/"]}]},{"@type":"ImageObject","inLanguage":"es","@id":"https:\/\/anmp.pt\/municipios-inteligentes\/entidades\/externas\/#primaryimage","url":"https:\/\/anmp.pt\/wp-content\/uploads\/2020\/04\/AMA300-300x70.png","contentUrl":"https:\/\/anmp.pt\/wp-content\/uploads\/2020\/04\/AMA300-300x70.png"},{"@type":"BreadcrumbList","@id":"https:\/\/anmp.pt\/municipios-inteligentes\/entidades\/externas\/#breadcrumb","itemListElement":[{"@type":"ListItem","position":1,"name":"In\u00edcio","item":"https:\/\/anmp.pt\/"},{"@type":"ListItem","position":2,"name":"Munic\u00edpios + inteligentes","item":"https:\/\/anmp.pt\/municipios-inteligentes\/"},{"@type":"ListItem","position":3,"name":"Entidades","item":"https:\/\/anmp.pt\/municipios-inteligentes\/entidades\/"},{"@type":"ListItem","position":4,"name":"Externas"}]},{"@type":"WebSite","@id":"https:\/\/anmp.pt\/#website","url":"https:\/\/anmp.pt\/","name":"Associa\u00e7\u00e3o Nacional de Munic\u00edpios Portugueses","description":"Portal Institucional","publisher":{"@id":"https:\/\/anmp.pt\/#organization"},"potentialAction":[{"@type":"SearchAction","target":{"@type":"EntryPoint","urlTemplate":"https:\/\/anmp.pt\/?s={search_term_string}"},"query-input":{"@type":"PropertyValueSpecification","valueRequired":true,"valueName":"search_term_string"}}],"inLanguage":"es"},{"@type":"Organization","@id":"https:\/\/anmp.pt\/#organization","name":"Associa\u00e7\u00e3o Nacional de Munic\u00edpios Portugueses","url":"https:\/\/anmp.pt\/","logo":{"@type":"ImageObject","inLanguage":"es","@id":"https:\/\/anmp.pt\/#\/schema\/logo\/image\/","url":"https:\/\/anmp.pt\/wp-content\/uploads\/2020\/06\/logo980400.png","contentUrl":"https:\/\/anmp.pt\/wp-content\/uploads\/2020\/06\/logo980400.png","width":980,"height":400,"caption":"Associa\u00e7\u00e3o Nacional de Munic\u00edpios Portugueses"},"image":{"@id":"https:\/\/anmp.pt\/#\/schema\/logo\/image\/"},"sameAs":["https:\/\/www.facebook.com\/ANMP.PT"]}]}},"_links":{"self":[{"href":"https:\/\/anmp.pt\/es\/wp-json\/wp\/v2\/pages\/11006","targetHints":{"allow":["GET"]}}],"collection":[{"href":"https:\/\/anmp.pt\/es\/wp-json\/wp\/v2\/pages"}],"about":[{"href":"https:\/\/anmp.pt\/es\/wp-json\/wp\/v2\/types\/page"}],"author":[{"embeddable":true,"href":"https:\/\/anmp.pt\/es\/wp-json\/wp\/v2\/users\/1"}],"replies":[{"embeddable":true,"href":"https:\/\/anmp.pt\/es\/wp-json\/wp\/v2\/comments?post=11006"}],"version-history":[{"count":0,"href":"https:\/\/anmp.pt\/es\/wp-json\/wp\/v2\/pages\/11006\/revisions"}],"up":[{"embeddable":true,"href":"https:\/\/anmp.pt\/es\/wp-json\/wp\/v2\/pages\/10976"}],"wp:attachment":[{"href":"https:\/\/anmp.pt\/es\/wp-json\/wp\/v2\/media?parent=11006"}],"curies":[{"name":"wp","href":"https:\/\/api.w.org\/{rel}","templated":true}]}}