{"id":45452,"date":"2022-05-13T14:32:15","date_gmt":"2022-05-13T13:32:15","guid":{"rendered":"https:\/\/www.anmp.pt\/?page_id=45452"},"modified":"2023-01-06T15:22:11","modified_gmt":"2023-01-06T15:22:11","slug":"conselho-geral-4-de-maio-2022-documentacao","status":"publish","type":"page","link":"https:\/\/anmp.pt\/es\/conselho-geral-4-de-maio-2022-documentacao\/","title":{"rendered":"(Portugu\u00eas) Conselho Geral &#8211; 4 de Maio 2022 &#8211; Documenta\u00e7\u00e3o"},"content":{"rendered":"<p class=\"qtranxs-available-languages-message qtranxs-available-languages-message-es\">Disculpa, pero esta entrada est\u00e1 disponible s\u00f3lo en <a href=\"https:\/\/anmp.pt\/pt\/wp-json\/wp\/v2\/pages\/45452\" class=\"qtranxs-available-language-link qtranxs-available-language-link-pt\" title=\"Portugu\u00eas\">Portugu\u00eas<\/a>.<\/p><p><a href=\"https:\/\/www.anmp.pt\/wp-content\/uploads\/2022\/05\/CG1_Convocatoria_4Maio.pdf\" target=\"_blank\" rel=\"noopener noreferrer\">Convocat\u00f3ria<\/a><\/p>\n<p><strong>Ponto1<\/strong>\u00a0&#8211; Aprova\u00e7\u00e3o da <a href=\"https:\/\/www.anmp.pt\/wp-content\/uploads\/2022\/05\/CG1_Ponto1.pdf\" target=\"_blank\" rel=\"noopener noreferrer\">Ata<\/a> da reuni\u00e3o do Conselho Geral realizada no dia 26\/10\/2021;<\/p>\n<p><strong>Ponto 2<\/strong> &#8211; <a href=\"https:\/\/www.anmp.pt\/wp-content\/uploads\/2022\/05\/OrcamentoEst.PropLei.-ANMP.pdf\" target=\"_blank\" rel=\"noopener noreferrer\">Proposta de Lei<\/a> do Or\u00e7amento do Estado para 2022; <a href=\"https:\/\/www.anmp.pt\/wp-content\/uploads\/2022\/05\/CG1_Ponto-2-OrcamentoEst.Parecer-ANMP.pdf\" target=\"_blank\" rel=\"noopener noreferrer\">Parecer ANMP<\/a><\/p>\n<p><strong>Ponto 3<\/strong> &#8211; Descentraliza\u00e7\u00e3o administrativa. <a href=\"https:\/\/www.anmp.pt\/wp-content\/uploads\/2022\/05\/CG1_Ponto3.pdf\" target=\"_blank\" rel=\"noopener noreferrer\">Ponto da situa\u00e7\u00e3o<\/a>;<\/p>\n<p><strong>Ponto 4<\/strong> &#8211; Aprova\u00e7\u00e3o do\u00a0<a href=\"https:\/\/www.anmp.pt\/wp-content\/uploads\/2022\/05\/CG1_Ponto4.pdf\" target=\"_blank\" rel=\"noopener noreferrer\">Plano de Atividades e Or\u00e7amento<\/a> da ANMP para 2022;<\/p>\n<p><strong>Ponto 5<\/strong> &#8211; Aprova\u00e7\u00e3o do <a href=\"https:\/\/www.anmp.pt\/wp-content\/uploads\/2022\/05\/CG1_Ponto5.pdf\" target=\"_blank\" rel=\"noopener noreferrer\">Relat\u00f3rio de Atividades e das Contas<\/a> da ANMP de 2021;<\/p>\n<p><strong>Ponto 6<\/strong> &#8211; Cria\u00e7\u00e3o de <a href=\"https:\/\/www.anmp.pt\/wp-content\/uploads\/2022\/05\/CG1_Ponto6.pdf\" target=\"_blank\" rel=\"noopener noreferrer\">Sec\u00e7\u00f5es de Munic\u00edpios<\/a>: Sec\u00e7\u00e3o da A\u00e7\u00e3o Clim\u00e1tica e Sec\u00e7\u00e3o Objetivos de Desenvolvimento Sustent\u00e1vel.<\/p>","protected":false},"excerpt":{"rendered":"<p>Disculpa, pero esta entrada est\u00e1 disponible s\u00f3lo en Portugu\u00eas.Convocat\u00f3ria Ponto1\u00a0&#8211; Aprova\u00e7\u00e3o da Ata da reuni\u00e3o do Conselho Geral realizada no dia 26\/10\/2021; Ponto 2 &#8211; Proposta de Lei do Or\u00e7amento do Estado para 2022; Parecer ANMP Ponto 3 &#8211; Descentraliza\u00e7\u00e3o administrativa. Ponto da situa\u00e7\u00e3o; Ponto 4 &#8211; Aprova\u00e7\u00e3o do\u00a0Plano de Atividades e Or\u00e7amento da ANMP [&hellip;]<\/p>\n","protected":false},"author":37,"featured_media":0,"parent":0,"menu_order":57,"comment_status":"closed","ping_status":"closed","template":"templates-map\/component-text-layout1.php","meta":{"_acf_changed":false,"_exactmetrics_skip_tracking":false,"_exactmetrics_sitenote_active":false,"_exactmetrics_sitenote_note":"","_exactmetrics_sitenote_category":0,"footnotes":""},"class_list":["post-45452","page","type-page","status-publish","hentry"],"acf":[],"yoast_head":"<!-- This site is optimized with the Yoast SEO plugin v23.9 - https:\/\/yoast.com\/wordpress\/plugins\/seo\/ -->\n<title><\/title>\n<meta name=\"robots\" content=\"index, follow, max-snippet:-1, max-image-preview:large, max-video-preview:-1\" \/>\n<link rel=\"canonical\" href=\"https:\/\/anmp.pt\/conselho-geral-4-de-maio-2022-documentacao\/\" \/>\n<meta property=\"og:locale\" content=\"es_ES\" \/>\n<meta property=\"og:type\" content=\"article\" \/>\n<meta property=\"og:title\" content=\"[:pt]Conselho Geral - 4 de Maio 2022 - Documenta\u00e7\u00e3o[:] - Portal Institucional\" \/>\n<meta property=\"og:description\" content=\"Disculpa, pero esta entrada est\u00e1 disponible s\u00f3lo en Portugu\u00eas.Convocat\u00f3ria Ponto1\u00a0&#8211; Aprova\u00e7\u00e3o da Ata da reuni\u00e3o do Conselho Geral realizada no dia 26\/10\/2021; Ponto 2 &#8211; Proposta de Lei do Or\u00e7amento do Estado para 2022; Parecer ANMP Ponto 3 &#8211; Descentraliza\u00e7\u00e3o administrativa. Ponto da situa\u00e7\u00e3o; Ponto 4 &#8211; Aprova\u00e7\u00e3o do\u00a0Plano de Atividades e Or\u00e7amento da ANMP [&hellip;]\" \/>\n<meta property=\"og:url\" content=\"https:\/\/anmp.pt\/conselho-geral-4-de-maio-2022-documentacao\/\" \/>\n<meta property=\"og:site_name\" content=\"Portal Institucional\" \/>\n<meta property=\"article:publisher\" content=\"https:\/\/www.facebook.com\/ANMP.PT\" \/>\n<meta property=\"article:modified_time\" content=\"2023-01-06T15:22:11+00:00\" \/>\n<meta name=\"twitter:card\" content=\"summary_large_image\" \/>\n<script type=\"application\/ld+json\" class=\"yoast-schema-graph\">{\"@context\":\"https:\/\/schema.org\",\"@graph\":[{\"@type\":\"WebPage\",\"@id\":\"https:\/\/anmp.pt\/conselho-geral-4-de-maio-2022-documentacao\/\",\"url\":\"https:\/\/anmp.pt\/conselho-geral-4-de-maio-2022-documentacao\/\",\"name\":\"[:pt]Conselho Geral - 4 de Maio 2022 - Documenta\u00e7\u00e3o[:] - Portal Institucional\",\"isPartOf\":{\"@id\":\"https:\/\/anmp.pt\/#website\"},\"datePublished\":\"2022-05-13T13:32:15+00:00\",\"dateModified\":\"2023-01-06T15:22:11+00:00\",\"breadcrumb\":{\"@id\":\"https:\/\/anmp.pt\/conselho-geral-4-de-maio-2022-documentacao\/#breadcrumb\"},\"inLanguage\":\"es\",\"potentialAction\":[{\"@type\":\"ReadAction\",\"target\":[\"https:\/\/anmp.pt\/conselho-geral-4-de-maio-2022-documentacao\/\"]}]},{\"@type\":\"BreadcrumbList\",\"@id\":\"https:\/\/anmp.pt\/conselho-geral-4-de-maio-2022-documentacao\/#breadcrumb\",\"itemListElement\":[{\"@type\":\"ListItem\",\"position\":1,\"name\":\"In\u00edcio\",\"item\":\"https:\/\/anmp.pt\/\"},{\"@type\":\"ListItem\",\"position\":2,\"name\":\"Conselho Geral &#8211; 4 de Maio 2022 &#8211; Documenta\u00e7\u00e3o\"}]},{\"@type\":\"WebSite\",\"@id\":\"https:\/\/anmp.pt\/#website\",\"url\":\"https:\/\/anmp.pt\/\",\"name\":\"Associa\u00e7\u00e3o Nacional de Munic\u00edpios Portugueses\",\"description\":\"Portal Institucional\",\"publisher\":{\"@id\":\"https:\/\/anmp.pt\/#organization\"},\"potentialAction\":[{\"@type\":\"SearchAction\",\"target\":{\"@type\":\"EntryPoint\",\"urlTemplate\":\"https:\/\/anmp.pt\/?s={search_term_string}\"},\"query-input\":{\"@type\":\"PropertyValueSpecification\",\"valueRequired\":true,\"valueName\":\"search_term_string\"}}],\"inLanguage\":\"es\"},{\"@type\":\"Organization\",\"@id\":\"https:\/\/anmp.pt\/#organization\",\"name\":\"Associa\u00e7\u00e3o Nacional de Munic\u00edpios Portugueses\",\"url\":\"https:\/\/anmp.pt\/\",\"logo\":{\"@type\":\"ImageObject\",\"inLanguage\":\"es\",\"@id\":\"https:\/\/anmp.pt\/#\/schema\/logo\/image\/\",\"url\":\"https:\/\/anmp.pt\/wp-content\/uploads\/2020\/06\/logo980400.png\",\"contentUrl\":\"https:\/\/anmp.pt\/wp-content\/uploads\/2020\/06\/logo980400.png\",\"width\":980,\"height\":400,\"caption\":\"Associa\u00e7\u00e3o Nacional de Munic\u00edpios Portugueses\"},\"image\":{\"@id\":\"https:\/\/anmp.pt\/#\/schema\/logo\/image\/\"},\"sameAs\":[\"https:\/\/www.facebook.com\/ANMP.PT\"]}]}<\/script>\n<!-- \/ Yoast SEO plugin. -->","yoast_head_json":{"title":"[:pt]Conselho Geral - 4 de Maio 2022 - Documenta\u00e7\u00e3o[:] - Portal Institucional","robots":{"index":"index","follow":"follow","max-snippet":"max-snippet:-1","max-image-preview":"max-image-preview:large","max-video-preview":"max-video-preview:-1"},"canonical":"https:\/\/anmp.pt\/conselho-geral-4-de-maio-2022-documentacao\/","og_locale":"es_ES","og_type":"article","og_title":"[:pt]Conselho Geral - 4 de Maio 2022 - Documenta\u00e7\u00e3o[:] - Portal Institucional","og_description":"Disculpa, pero esta entrada est\u00e1 disponible s\u00f3lo en Portugu\u00eas.Convocat\u00f3ria Ponto1\u00a0&#8211; Aprova\u00e7\u00e3o da Ata da reuni\u00e3o do Conselho Geral realizada no dia 26\/10\/2021; Ponto 2 &#8211; Proposta de Lei do Or\u00e7amento do Estado para 2022; Parecer ANMP Ponto 3 &#8211; Descentraliza\u00e7\u00e3o administrativa. Ponto da situa\u00e7\u00e3o; Ponto 4 &#8211; Aprova\u00e7\u00e3o do\u00a0Plano de Atividades e Or\u00e7amento da ANMP [&hellip;]","og_url":"https:\/\/anmp.pt\/conselho-geral-4-de-maio-2022-documentacao\/","og_site_name":"Portal Institucional","article_publisher":"https:\/\/www.facebook.com\/ANMP.PT","article_modified_time":"2023-01-06T15:22:11+00:00","twitter_card":"summary_large_image","schema":{"@context":"https:\/\/schema.org","@graph":[{"@type":"WebPage","@id":"https:\/\/anmp.pt\/conselho-geral-4-de-maio-2022-documentacao\/","url":"https:\/\/anmp.pt\/conselho-geral-4-de-maio-2022-documentacao\/","name":"[:pt]Conselho Geral - 4 de Maio 2022 - Documenta\u00e7\u00e3o[:] - Portal Institucional","isPartOf":{"@id":"https:\/\/anmp.pt\/#website"},"datePublished":"2022-05-13T13:32:15+00:00","dateModified":"2023-01-06T15:22:11+00:00","breadcrumb":{"@id":"https:\/\/anmp.pt\/conselho-geral-4-de-maio-2022-documentacao\/#breadcrumb"},"inLanguage":"es","potentialAction":[{"@type":"ReadAction","target":["https:\/\/anmp.pt\/conselho-geral-4-de-maio-2022-documentacao\/"]}]},{"@type":"BreadcrumbList","@id":"https:\/\/anmp.pt\/conselho-geral-4-de-maio-2022-documentacao\/#breadcrumb","itemListElement":[{"@type":"ListItem","position":1,"name":"In\u00edcio","item":"https:\/\/anmp.pt\/"},{"@type":"ListItem","position":2,"name":"Conselho Geral &#8211; 4 de Maio 2022 &#8211; Documenta\u00e7\u00e3o"}]},{"@type":"WebSite","@id":"https:\/\/anmp.pt\/#website","url":"https:\/\/anmp.pt\/","name":"Associa\u00e7\u00e3o Nacional de Munic\u00edpios Portugueses","description":"Portal Institucional","publisher":{"@id":"https:\/\/anmp.pt\/#organization"},"potentialAction":[{"@type":"SearchAction","target":{"@type":"EntryPoint","urlTemplate":"https:\/\/anmp.pt\/?s={search_term_string}"},"query-input":{"@type":"PropertyValueSpecification","valueRequired":true,"valueName":"search_term_string"}}],"inLanguage":"es"},{"@type":"Organization","@id":"https:\/\/anmp.pt\/#organization","name":"Associa\u00e7\u00e3o Nacional de Munic\u00edpios Portugueses","url":"https:\/\/anmp.pt\/","logo":{"@type":"ImageObject","inLanguage":"es","@id":"https:\/\/anmp.pt\/#\/schema\/logo\/image\/","url":"https:\/\/anmp.pt\/wp-content\/uploads\/2020\/06\/logo980400.png","contentUrl":"https:\/\/anmp.pt\/wp-content\/uploads\/2020\/06\/logo980400.png","width":980,"height":400,"caption":"Associa\u00e7\u00e3o Nacional de Munic\u00edpios Portugueses"},"image":{"@id":"https:\/\/anmp.pt\/#\/schema\/logo\/image\/"},"sameAs":["https:\/\/www.facebook.com\/ANMP.PT"]}]}},"_links":{"self":[{"href":"https:\/\/anmp.pt\/es\/wp-json\/wp\/v2\/pages\/45452","targetHints":{"allow":["GET"]}}],"collection":[{"href":"https:\/\/anmp.pt\/es\/wp-json\/wp\/v2\/pages"}],"about":[{"href":"https:\/\/anmp.pt\/es\/wp-json\/wp\/v2\/types\/page"}],"author":[{"embeddable":true,"href":"https:\/\/anmp.pt\/es\/wp-json\/wp\/v2\/users\/37"}],"replies":[{"embeddable":true,"href":"https:\/\/anmp.pt\/es\/wp-json\/wp\/v2\/comments?post=45452"}],"version-history":[{"count":0,"href":"https:\/\/anmp.pt\/es\/wp-json\/wp\/v2\/pages\/45452\/revisions"}],"wp:attachment":[{"href":"https:\/\/anmp.pt\/es\/wp-json\/wp\/v2\/media?parent=45452"}],"curies":[{"name":"wp","href":"https:\/\/api.w.org\/{rel}","templated":true}]}}